{"id":6587,"date":"2024-11-20T21:36:29","date_gmt":"2024-11-20T20:36:29","guid":{"rendered":"http:\/\/gr107.org\/?page_id=6587"},"modified":"2025-02-11T20:32:41","modified_gmt":"2025-02-11T19:32:41","slug":"la-ffrandonnee-en-ariege","status":"publish","type":"page","link":"https:\/\/gr107.org\/index.php\/la-ffrandonnee-en-ariege\/","title":{"rendered":"La FFRandonn\u00e9e en Ari\u00e8ge"},"content":{"rendered":"\t\t<div data-elementor-type=\"wp-page\" data-elementor-id=\"6587\" class=\"elementor elementor-6587\" data-elementor-post-type=\"page\">\n\t\t\t\t\t\t<section class=\"elementor-section elementor-top-section elementor-element elementor-element-31189b41 elementor-section-boxed elementor-section-height-default elementor-section-height-default\" data-id=\"31189b41\" data-element_type=\"section\" data-e-type=\"section\" data-settings=\"{&quot;background_background&quot;:&quot;classic&quot;}\">\n\t\t\t\t\t\t<div class=\"elementor-container elementor-column-gap-default\">\n\t\t\t\t\t<div class=\"elementor-column elementor-col-100 elementor-top-column elementor-element elementor-element-27d2e870\" data-id=\"27d2e870\" data-element_type=\"column\" data-e-type=\"column\" data-settings=\"{&quot;background_background&quot;:&quot;classic&quot;}\">\n\t\t\t<div class=\"elementor-widget-wrap elementor-element-populated\">\n\t\t\t\t\t\t<section class=\"elementor-section elementor-inner-section elementor-element elementor-element-6bdd7ac elementor-section-full_width elementor-section-content-middle elementor-section-height-default elementor-section-height-default\" data-id=\"6bdd7ac\" data-element_type=\"section\" data-e-type=\"section\">\n\t\t\t\t\t\t<div class=\"elementor-container elementor-column-gap-default\">\n\t\t\t\t\t<div class=\"elementor-column elementor-col-50 elementor-inner-column elementor-element elementor-element-72c52a1\" data-id=\"72c52a1\" data-element_type=\"column\" data-e-type=\"column\">\n\t\t\t<div class=\"elementor-widget-wrap elementor-element-populated\">\n\t\t\t\t\t\t<div class=\"elementor-element elementor-element-2abb49f4 elementor-widget elementor-widget-image\" data-id=\"2abb49f4\" data-element_type=\"widget\" data-e-type=\"widget\" data-widget_type=\"image.default\">\n\t\t\t\t<div class=\"elementor-widget-container\">\n\t\t\t\t\t\t\t\t\t\t\t\t\t\t\t<img fetchpriority=\"high\" decoding=\"async\" width=\"700\" height=\"304\" src=\"https:\/\/gr107.org\/wp-content\/uploads\/2024\/11\/cropped-new-logo-cdrp-e1588322754601.webp\" class=\"attachment-medium_large size-medium_large wp-image-5776\" alt=\"logo FFRandonn\u00e9e d&#039;Ari\u00e8ge\" srcset=\"https:\/\/gr107.org\/wp-content\/uploads\/2024\/11\/cropped-new-logo-cdrp-e1588322754601.webp 700w, https:\/\/gr107.org\/wp-content\/uploads\/2024\/11\/cropped-new-logo-cdrp-e1588322754601-300x130.webp 300w\" sizes=\"(max-width: 700px) 100vw, 700px\" \/>\t\t\t\t\t\t\t\t\t\t\t\t\t\t\t<\/div>\n\t\t\t\t<\/div>\n\t\t\t\t\t<\/div>\n\t\t<\/div>\n\t\t\t\t<div class=\"elementor-column elementor-col-50 elementor-inner-column elementor-element elementor-element-4a31e5e2\" data-id=\"4a31e5e2\" data-element_type=\"column\" data-e-type=\"column\">\n\t\t\t<div class=\"elementor-widget-wrap elementor-element-populated\">\n\t\t\t\t\t\t<div class=\"elementor-element elementor-element-5404683 elementor-widget elementor-widget-heading\" data-id=\"5404683\" data-element_type=\"widget\" data-e-type=\"widget\" data-widget_type=\"heading.default\">\n\t\t\t\t<div class=\"elementor-widget-container\">\n\t\t\t\t\t<h2 class=\"elementor-heading-title elementor-size-default\">La FFRandonn\u00e9e en Ari\u00e8ge\n\n<\/h2>\t\t\t\t<\/div>\n\t\t\t\t<\/div>\n\t\t\t\t<div class=\"elementor-element elementor-element-656d24a1 elementor-widget elementor-widget-heading\" data-id=\"656d24a1\" data-element_type=\"widget\" data-e-type=\"widget\" data-widget_type=\"heading.default\">\n\t\t\t\t<div class=\"elementor-widget-container\">\n\t\t\t\t\t<h2 class=\"elementor-heading-title elementor-size-default\">Une f\u00e9d\u00e9ration au service des sentiers pyr\u00e9n\u00e9ens et du GR107\n<\/h2>\t\t\t\t<\/div>\n\t\t\t\t<\/div>\n\t\t\t\t<div class=\"elementor-element elementor-element-2df18ca5 elementor-widget elementor-widget-text-editor\" data-id=\"2df18ca5\" data-element_type=\"widget\" data-e-type=\"widget\" data-widget_type=\"text-editor.default\">\n\t\t\t\t<div class=\"elementor-widget-container\">\n\t\t\t\t\t\t\t\t\t<p>La <a href=\"https:\/\/cdrp09.com\/\" target=\"_blank\" rel=\"noopener\"><strong>FFRandonn\u00e9e Ari\u00e8ge<\/strong><\/a> est fi\u00e8re de repr\u00e9senter la <a href=\"https:\/\/www.ffrandonnee.fr\/\" target=\"_blank\" rel=\"noopener\"><strong>F\u00e9d\u00e9ration Fran\u00e7aise de Randonn\u00e9e<\/strong><\/a> dans un d\u00e9partement o\u00f9 la nature et la randonn\u00e9e sont reines.<\/p><p>\u00c0 travers son action, elle valorise et prot\u00e8ge les sentiers locaux, notamment le <strong>GR107<\/strong>, connu comme le <strong>Chemin des Bonshommes<\/strong>, un itin\u00e9raire riche d\u2019histoire et de paysages.<\/p><p>En tant qu\u2019initiateur du site <strong>GR107.org<\/strong>, notre Comit\u00e9 D\u00e9partemental de Randonn\u00e9e P\u00e9destre (CDRP) fournit des informations fiables et d\u00e9taill\u00e9es pour accompagner les randonneurs tout au long de leur exp\u00e9rience sur ce chemin reliant Foix, en Ari\u00e8ge, \u00e0 Berga, en Catalogne.<\/p>\t\t\t\t\t\t\t\t<\/div>\n\t\t\t\t<\/div>\n\t\t\t\t\t<\/div>\n\t\t<\/div>\n\t\t\t\t\t<\/div>\n\t\t<\/section>\n\t\t\t\t<section class=\"elementor-section elementor-inner-section elementor-element elementor-element-69226f69 elementor-section-full_width elementor-section-content-middle elementor-section-height-default elementor-section-height-default\" data-id=\"69226f69\" data-element_type=\"section\" data-e-type=\"section\">\n\t\t\t\t\t\t<div class=\"elementor-container elementor-column-gap-default\">\n\t\t\t\t\t<div class=\"elementor-column elementor-col-100 elementor-inner-column elementor-element elementor-element-53eda50a\" data-id=\"53eda50a\" data-element_type=\"column\" data-e-type=\"column\">\n\t\t\t<div class=\"elementor-widget-wrap elementor-element-populated\">\n\t\t\t\t\t\t<div class=\"elementor-element elementor-element-49c967fd elementor-widget elementor-widget-heading\" data-id=\"49c967fd\" data-element_type=\"widget\" data-e-type=\"widget\" id=\"Partenaires\" data-widget_type=\"heading.default\">\n\t\t\t\t<div class=\"elementor-widget-container\">\n\t\t\t\t\t<h3 class=\"elementor-heading-title elementor-size-default\">Nos partenaires pour la promotion du GR107, Chemin des Bonshommes<\/h3>\t\t\t\t<\/div>\n\t\t\t\t<\/div>\n\t\t\t\t<div class=\"elementor-element elementor-element-4a58c88d elementor-widget elementor-widget-text-editor\" data-id=\"4a58c88d\" data-element_type=\"widget\" data-e-type=\"widget\" data-widget_type=\"text-editor.default\">\n\t\t\t\t<div class=\"elementor-widget-container\">\n\t\t\t\t\t\t\t\t\t<h4><strong>Un r\u00e9seau d\u2019acteurs engag\u00e9s<\/strong><\/h4><p>La promotion et la pr\u00e9servation du <strong>GR107, Chemin des Bonshommes<\/strong>, ne seraient pas possibles sans nos partenaires institutionnels, associatifs et priv\u00e9s. Leur soutien est essentiel pour garantir une exp\u00e9rience de qualit\u00e9 et valoriser cet itin\u00e9raire embl\u00e9matique.<\/p>\t\t\t\t\t\t\t\t<\/div>\n\t\t\t\t<\/div>\n\t\t\t\t\t<\/div>\n\t\t<\/div>\n\t\t\t\t\t<\/div>\n\t\t<\/section>\n\t\t\t\t<section class=\"elementor-section elementor-inner-section elementor-element elementor-element-1b80d6ef elementor-section-full_width elementor-section-content-middle elementor-section-height-default elementor-section-height-default\" data-id=\"1b80d6ef\" data-element_type=\"section\" data-e-type=\"section\">\n\t\t\t\t\t\t<div class=\"elementor-container elementor-column-gap-default\">\n\t\t\t\t\t<div class=\"elementor-column elementor-col-50 elementor-inner-column elementor-element elementor-element-5a430ec7\" data-id=\"5a430ec7\" data-element_type=\"column\" data-e-type=\"column\">\n\t\t\t<div class=\"elementor-widget-wrap elementor-element-populated\">\n\t\t\t\t\t\t<div class=\"elementor-element elementor-element-4f03d48 elementor-widget elementor-widget-image\" data-id=\"4f03d48\" data-element_type=\"widget\" data-e-type=\"widget\" data-widget_type=\"image.default\">\n\t\t\t\t<div class=\"elementor-widget-container\">\n\t\t\t\t\t\t\t\t\t\t\t\t\t\t\t<img decoding=\"async\" width=\"300\" height=\"165\" src=\"https:\/\/gr107.org\/wp-content\/uploads\/2024\/11\/Logo-Ariege-Le-Departement-1024x563-1-300x165.webp\" class=\"attachment-medium size-medium wp-image-5773\" alt=\"Conseil d\u00e9partemental de l&#039;Ari\u00e8ge\" srcset=\"https:\/\/gr107.org\/wp-content\/uploads\/2024\/11\/Logo-Ariege-Le-Departement-1024x563-1-300x165.webp 300w, https:\/\/gr107.org\/wp-content\/uploads\/2024\/11\/Logo-Ariege-Le-Departement-1024x563-1-768x422.webp 768w, https:\/\/gr107.org\/wp-content\/uploads\/2024\/11\/Logo-Ariege-Le-Departement-1024x563-1.webp 1024w\" sizes=\"(max-width: 300px) 100vw, 300px\" \/>\t\t\t\t\t\t\t\t\t\t\t\t\t\t\t<\/div>\n\t\t\t\t<\/div>\n\t\t\t\t\t<\/div>\n\t\t<\/div>\n\t\t\t\t<div class=\"elementor-column elementor-col-50 elementor-inner-column elementor-element elementor-element-782753f2\" data-id=\"782753f2\" data-element_type=\"column\" data-e-type=\"column\">\n\t\t\t<div class=\"elementor-widget-wrap elementor-element-populated\">\n\t\t\t\t\t\t<div class=\"elementor-element elementor-element-674d867b elementor-widget elementor-widget-heading\" data-id=\"674d867b\" data-element_type=\"widget\" data-e-type=\"widget\" data-widget_type=\"heading.default\">\n\t\t\t\t<div class=\"elementor-widget-container\">\n\t\t\t\t\t<h3 class=\"elementor-heading-title elementor-size-default\">Le conseil d\u00e9partemental de l'Ari\u00e8ge<\/h3>\t\t\t\t<\/div>\n\t\t\t\t<\/div>\n\t\t\t\t<div class=\"elementor-element elementor-element-74f34d4f elementor-widget elementor-widget-text-editor\" data-id=\"74f34d4f\" data-element_type=\"widget\" data-e-type=\"widget\" data-widget_type=\"text-editor.default\">\n\t\t\t\t<div class=\"elementor-widget-container\">\n\t\t\t\t\t\t\t\t\t<p>Le Conseil D\u00e9partemental de l&rsquo;Ari\u00e8ge est l&rsquo;organe ex\u00e9cutif du d\u00e9partement, responsable des politiques locales en mati\u00e8re de solidarit\u00e9, d&rsquo;infrastructures, de d\u00e9veloppement \u00e9conomique et de culture. Il \u0153uvre pour le bien-\u00eatre des Ari\u00e9geois et la valorisation du territoire.<br \/><a href=\"https:\/\/ariege.fr\/\" target=\"_blank\" rel=\"noopener\">https:\/\/ariege.fr\/<\/a><\/p>\t\t\t\t\t\t\t\t<\/div>\n\t\t\t\t<\/div>\n\t\t\t\t\t<\/div>\n\t\t<\/div>\n\t\t\t\t\t<\/div>\n\t\t<\/section>\n\t\t\t\t<section class=\"elementor-section elementor-inner-section elementor-element elementor-element-9e27683 elementor-section-full_width elementor-section-content-middle elementor-section-height-default elementor-section-height-default\" data-id=\"9e27683\" data-element_type=\"section\" data-e-type=\"section\">\n\t\t\t\t\t\t<div class=\"elementor-container elementor-column-gap-default\">\n\t\t\t\t\t<div class=\"elementor-column elementor-col-50 elementor-inner-column elementor-element elementor-element-2883091e\" data-id=\"2883091e\" data-element_type=\"column\" data-e-type=\"column\">\n\t\t\t<div class=\"elementor-widget-wrap elementor-element-populated\">\n\t\t\t\t\t\t<div class=\"elementor-element elementor-element-534c6af elementor-widget elementor-widget-image\" data-id=\"534c6af\" data-element_type=\"widget\" data-e-type=\"widget\" data-widget_type=\"image.default\">\n\t\t\t\t<div class=\"elementor-widget-container\">\n\t\t\t\t\t\t\t\t\t\t\t\t\t\t\t<img decoding=\"async\" width=\"300\" height=\"133\" src=\"https:\/\/gr107.org\/wp-content\/uploads\/2024\/11\/Logo-Ariege-Tourisme-couleur-300x133.png\" class=\"attachment-medium size-medium wp-image-8399\" alt=\"\" srcset=\"https:\/\/gr107.org\/wp-content\/uploads\/2024\/11\/Logo-Ariege-Tourisme-couleur-300x133.png 300w, https:\/\/gr107.org\/wp-content\/uploads\/2024\/11\/Logo-Ariege-Tourisme-couleur-1024x456.png 1024w, https:\/\/gr107.org\/wp-content\/uploads\/2024\/11\/Logo-Ariege-Tourisme-couleur-768x342.png 768w, https:\/\/gr107.org\/wp-content\/uploads\/2024\/11\/Logo-Ariege-Tourisme-couleur-1536x684.png 1536w, https:\/\/gr107.org\/wp-content\/uploads\/2024\/11\/Logo-Ariege-Tourisme-couleur-2048x911.png 2048w\" sizes=\"(max-width: 300px) 100vw, 300px\" \/>\t\t\t\t\t\t\t\t\t\t\t\t\t\t\t<\/div>\n\t\t\t\t<\/div>\n\t\t\t\t\t<\/div>\n\t\t<\/div>\n\t\t\t\t<div class=\"elementor-column elementor-col-50 elementor-inner-column elementor-element elementor-element-646970ae\" data-id=\"646970ae\" data-element_type=\"column\" data-e-type=\"column\">\n\t\t\t<div class=\"elementor-widget-wrap elementor-element-populated\">\n\t\t\t\t\t\t<div class=\"elementor-element elementor-element-61da22dc elementor-widget elementor-widget-heading\" data-id=\"61da22dc\" data-element_type=\"widget\" data-e-type=\"widget\" data-widget_type=\"heading.default\">\n\t\t\t\t<div class=\"elementor-widget-container\">\n\t\t\t\t\t<h3 class=\"elementor-heading-title elementor-size-default\">L'agence de d\u00e9veloppement touristique de l'Ari\u00e8ge<\/h3>\t\t\t\t<\/div>\n\t\t\t\t<\/div>\n\t\t\t\t<div class=\"elementor-element elementor-element-7ef5fc45 elementor-widget elementor-widget-text-editor\" data-id=\"7ef5fc45\" data-element_type=\"widget\" data-e-type=\"widget\" data-widget_type=\"text-editor.default\">\n\t\t\t\t<div class=\"elementor-widget-container\">\n\t\t\t\t\t\t\t\t\t<p>L&rsquo;Agence de D\u00e9veloppement Touristique de l&rsquo;Ari\u00e8ge promeut le d\u00e9partement en valorisant ses richesses naturelles, culturelles et patrimoniales. Elle accompagne les acteurs locaux pour dynamiser l&rsquo;offre touristique et attirer les visiteurs.<br \/><a href=\"https:\/\/www.ariegepyrenees.com\/\" target=\"_blank\" rel=\"noopener\">https:\/\/www.ariegepyrenees.com\/<\/a><\/p>\t\t\t\t\t\t\t\t<\/div>\n\t\t\t\t<\/div>\n\t\t\t\t\t<\/div>\n\t\t<\/div>\n\t\t\t\t\t<\/div>\n\t\t<\/section>\n\t\t\t\t<section class=\"elementor-section elementor-inner-section elementor-element elementor-element-7642755 elementor-section-full_width elementor-section-content-middle elementor-section-height-default elementor-section-height-default\" data-id=\"7642755\" data-element_type=\"section\" data-e-type=\"section\">\n\t\t\t\t\t\t<div class=\"elementor-container elementor-column-gap-default\">\n\t\t\t\t\t<div class=\"elementor-column elementor-col-50 elementor-inner-column elementor-element elementor-element-6103c20d\" data-id=\"6103c20d\" data-element_type=\"column\" data-e-type=\"column\" data-settings=\"{&quot;background_background&quot;:&quot;classic&quot;}\">\n\t\t\t<div class=\"elementor-widget-wrap elementor-element-populated\">\n\t\t\t\t\t\t<div class=\"elementor-element elementor-element-152deb47 elementor-widget elementor-widget-image\" data-id=\"152deb47\" data-element_type=\"widget\" data-e-type=\"widget\" data-widget_type=\"image.default\">\n\t\t\t\t<div class=\"elementor-widget-container\">\n\t\t\t\t\t\t\t\t\t\t\t\t\t\t\t<img loading=\"lazy\" decoding=\"async\" width=\"145\" height=\"143\" src=\"https:\/\/gr107.org\/wp-content\/uploads\/2024\/11\/cbh.png\" class=\"attachment-medium size-medium wp-image-5784\" alt=\"logo conseil regulator del Cami dels Bons Homes\" \/>\t\t\t\t\t\t\t\t\t\t\t\t\t\t\t<\/div>\n\t\t\t\t<\/div>\n\t\t\t\t\t<\/div>\n\t\t<\/div>\n\t\t\t\t<div class=\"elementor-column elementor-col-50 elementor-inner-column elementor-element elementor-element-6fa6e983\" data-id=\"6fa6e983\" data-element_type=\"column\" data-e-type=\"column\">\n\t\t\t<div class=\"elementor-widget-wrap elementor-element-populated\">\n\t\t\t\t\t\t<div class=\"elementor-element elementor-element-7a685a84 elementor-widget elementor-widget-heading\" data-id=\"7a685a84\" data-element_type=\"widget\" data-e-type=\"widget\" data-widget_type=\"heading.default\">\n\t\t\t\t<div class=\"elementor-widget-container\">\n\t\t\t\t\t<h3 class=\"elementor-heading-title elementor-size-default\">Le Conseil R\u00e9gulateur du Chemin des Bonshommes<\/h3>\t\t\t\t<\/div>\n\t\t\t\t<\/div>\n\t\t\t\t<div class=\"elementor-element elementor-element-2e7f975e elementor-widget elementor-widget-text-editor\" data-id=\"2e7f975e\" data-element_type=\"widget\" data-e-type=\"widget\" data-widget_type=\"text-editor.default\">\n\t\t\t\t<div class=\"elementor-widget-container\">\n\t\t\t\t\t\t\t\t\t<p>Le Conseil R\u00e9gulateur du Chemin des Bonshommes, institution espagnole cr\u00e9\u00e9e en 1998, dynamise cet itin\u00e9raire en int\u00e9grant acteurs publics et priv\u00e9s. Il vise le d\u00e9veloppement socio-\u00e9conomique, la protection de la marque et l&rsquo;entretien des chemins historiques.<br \/><a href=\"https:\/\/www.camidelsbonshomes.com\/\" target=\"_blank\" rel=\"noopener\">https:\/\/www.camidelsbonshomes.com\/<\/a><\/p>\t\t\t\t\t\t\t\t<\/div>\n\t\t\t\t<\/div>\n\t\t\t\t\t<\/div>\n\t\t<\/div>\n\t\t\t\t\t<\/div>\n\t\t<\/section>\n\t\t\t\t<section class=\"elementor-section elementor-inner-section elementor-element elementor-element-d299aa5 elementor-section-full_width elementor-section-content-middle elementor-section-height-default elementor-section-height-default\" data-id=\"d299aa5\" data-element_type=\"section\" data-e-type=\"section\">\n\t\t\t\t\t\t<div class=\"elementor-container elementor-column-gap-default\">\n\t\t\t\t\t<div class=\"elementor-column elementor-col-100 elementor-inner-column elementor-element elementor-element-35fa631\" data-id=\"35fa631\" data-element_type=\"column\" data-e-type=\"column\">\n\t\t\t<div class=\"elementor-widget-wrap elementor-element-populated\">\n\t\t\t\t\t\t<div class=\"elementor-element elementor-element-797a9b3 elementor-widget elementor-widget-heading\" data-id=\"797a9b3\" data-element_type=\"widget\" data-e-type=\"widget\" data-widget_type=\"heading.default\">\n\t\t\t\t<div class=\"elementor-widget-container\">\n\t\t\t\t\t<h3 class=\"elementor-heading-title elementor-size-default\">Citons \u00e9galement d'autres acteurs institutionnels, associatifs ou priv\u00e9s impliqu\u00e9s dans cette initiative<\/h3>\t\t\t\t<\/div>\n\t\t\t\t<\/div>\n\t\t\t\t\t<\/div>\n\t\t<\/div>\n\t\t\t\t\t<\/div>\n\t\t<\/section>\n\t\t\t\t<section class=\"elementor-section elementor-inner-section elementor-element elementor-element-3dfa0a7 elementor-section-full_width elementor-section-content-middle elementor-section-height-default elementor-section-height-default\" data-id=\"3dfa0a7\" data-element_type=\"section\" data-e-type=\"section\">\n\t\t\t\t\t\t<div class=\"elementor-container elementor-column-gap-default\">\n\t\t\t\t\t<div class=\"elementor-column elementor-col-50 elementor-inner-column elementor-element elementor-element-16eed5dd elementor-hidden-mobile\" data-id=\"16eed5dd\" data-element_type=\"column\" data-e-type=\"column\">\n\t\t\t<div class=\"elementor-widget-wrap\">\n\t\t\t\t\t\t\t<\/div>\n\t\t<\/div>\n\t\t\t\t<div class=\"elementor-column elementor-col-50 elementor-inner-column elementor-element elementor-element-5b6d9558\" data-id=\"5b6d9558\" data-element_type=\"column\" data-e-type=\"column\">\n\t\t\t<div class=\"elementor-widget-wrap elementor-element-populated\">\n\t\t\t\t\t\t<div class=\"elementor-element elementor-element-53eb883b elementor-widget elementor-widget-text-editor\" data-id=\"53eb883b\" data-element_type=\"widget\" data-e-type=\"widget\" data-widget_type=\"text-editor.default\">\n\t\t\t\t<div class=\"elementor-widget-container\">\n\t\t\t\t\t\t\t\t\t<p><strong>L&rsquo;Office National des For\u00eats (ONF)<\/strong> g\u00e8re les for\u00eats publiques fran\u00e7aises, assurant leur pr\u00e9servation, leur exploitation durable et l&rsquo;accueil du public. Il propose des activit\u00e9s telles que la chasse en for\u00eat domaniale de Haute Ari\u00e8ge. <a href=\"https:\/\/www.onf.fr\/\" target=\"_blank\" rel=\"noopener\">https:\/\/www.onf.fr\/<\/a><\/p>\t\t\t\t\t\t\t\t<\/div>\n\t\t\t\t<\/div>\n\t\t\t\t<div class=\"elementor-element elementor-element-214eb933 elementor-widget elementor-widget-text-editor\" data-id=\"214eb933\" data-element_type=\"widget\" data-e-type=\"widget\" data-widget_type=\"text-editor.default\">\n\t\t\t\t<div class=\"elementor-widget-container\">\n\t\t\t\t\t\t\t\t\t<p><strong>La Communaut\u00e9 de Communes de la Haute-Ari\u00e8ge (CCHA)<\/strong> regroupe 52 communes et 7 432 habitants. Elle \u0153uvre pour le d\u00e9veloppement \u00e9conomique, l&rsquo;am\u00e9nagement durable et la promotion touristique du territoire. <a href=\"https:\/\/cc-hauteariege.fr\/\" target=\"_blank\" rel=\"noopener\">https:\/\/cc-hauteariege.fr\/<\/a><\/p>\t\t\t\t\t\t\t\t<\/div>\n\t\t\t\t<\/div>\n\t\t\t\t<div class=\"elementor-element elementor-element-01981f1 elementor-widget elementor-widget-text-editor\" data-id=\"01981f1\" data-element_type=\"widget\" data-e-type=\"widget\" data-widget_type=\"text-editor.default\">\n\t\t\t\t<div class=\"elementor-widget-container\">\n\t\t\t\t\t\t\t\t\t<p><strong>La Communaut\u00e9 de Communes du Pays d&rsquo;Olmes<\/strong>. Elle \u0153uvre pour le d\u00e9veloppement \u00e9conomique, l&rsquo;am\u00e9nagement durable et la promotion touristique du territoire. <a href=\"https:\/\/paysdolmes.org\/fr\/\" target=\"_blank\" rel=\"noopener\">https:\/\/paysdolmes.org\/fr\/<\/a><\/p>\t\t\t\t\t\t\t\t<\/div>\n\t\t\t\t<\/div>\n\t\t\t\t<div class=\"elementor-element elementor-element-483a2ac elementor-widget elementor-widget-text-editor\" data-id=\"483a2ac\" data-element_type=\"widget\" data-e-type=\"widget\" data-widget_type=\"text-editor.default\">\n\t\t\t\t<div class=\"elementor-widget-container\">\n\t\t\t\t\t\t\t\t\t<p><strong>La Communaut\u00e9 d&rsquo;agglom\u00e9ration de Foix-Varilhes<\/strong>. <a href=\"https:\/\/www.agglo-foix-varilhes.fr\/\" target=\"_blank\" rel=\"noopener\">https:\/\/www.agglo-foix-varilhes.fr\/<\/a><\/p>\t\t\t\t\t\t\t\t<\/div>\n\t\t\t\t<\/div>\n\t\t\t\t<div class=\"elementor-element elementor-element-336f14c7 elementor-widget elementor-widget-text-editor\" data-id=\"336f14c7\" data-element_type=\"widget\" data-e-type=\"widget\" data-widget_type=\"text-editor.default\">\n\t\t\t\t<div class=\"elementor-widget-container\">\n\t\t\t\t\t\t\t\t\t<p><strong>L&rsquo;Office de Tourisme des Pyr\u00e9n\u00e9es Ari\u00e9geoises<\/strong> promeut les richesses naturelles, culturelles et patrimoniales de la r\u00e9gion. Il guide les visiteurs dans la d\u00e9couverte des activit\u00e9s, h\u00e9bergements et \u00e9v\u00e9nements locaux, facilitant ainsi leur s\u00e9jour. <a href=\"https:\/\/www.pyrenees-ariegeoises.com\/\" target=\"_blank\" rel=\"noopener\">https:\/\/www.pyrenees-ariegeoises.com\/<\/a><\/p>\t\t\t\t\t\t\t\t<\/div>\n\t\t\t\t<\/div>\n\t\t\t\t<div class=\"elementor-element elementor-element-034abc9 elementor-widget elementor-widget-text-editor\" data-id=\"034abc9\" data-element_type=\"widget\" data-e-type=\"widget\" data-widget_type=\"text-editor.default\">\n\t\t\t\t<div class=\"elementor-widget-container\">\n\t\t\t\t\t\t\t\t\t<p><strong>L&rsquo;Office de Tourisme des Pyr\u00e9n\u00e9es Audoises <br \/><\/strong><a href=\"https:\/\/www.pyreneesaudoises.com\/\" target=\"_blank\" rel=\"noopener\">https:\/\/www.pyreneesaudoises.com\/<\/a><strong><br \/><\/strong><\/p>\t\t\t\t\t\t\t\t<\/div>\n\t\t\t\t<\/div>\n\t\t\t\t<div class=\"elementor-element elementor-element-33840136 elementor-widget elementor-widget-text-editor\" data-id=\"33840136\" data-element_type=\"widget\" data-e-type=\"widget\" data-widget_type=\"text-editor.default\">\n\t\t\t\t<div class=\"elementor-widget-container\">\n\t\t\t\t\t\t\t\t\t<p><strong>L&rsquo;Association Chemin des Bonshommes<\/strong>, cr\u00e9\u00e9e en 2024, regroupe des h\u00e9bergeurs et acteurs professionnels du GR\u00ae107. Elle centralise des informations pratiques pour aider les randonneurs \u00e0 pr\u00e9parer leur parcours sur le Chemin des Bonshommes. <a href=\"https:\/\/chemindesbonshommes.fr\/\" target=\"_blank\" rel=\"noopener\">https:\/\/chemindesbonshommes.fr\/<\/a><\/p>\t\t\t\t\t\t\t\t<\/div>\n\t\t\t\t<\/div>\n\t\t\t\t<div class=\"elementor-element elementor-element-2b8b2136 elementor-widget elementor-widget-text-editor\" data-id=\"2b8b2136\" data-element_type=\"widget\" data-e-type=\"widget\" data-widget_type=\"text-editor.default\">\n\t\t\t\t<div class=\"elementor-widget-container\">\n\t\t\t\t\t\t\t\t\t<p><strong>L&rsquo;Association des Amis GRdistes<\/strong>, cr\u00e9\u00e9e en 2014, est une association loi 1901 non subventionn\u00e9e d\u00e9di\u00e9e \u00e0 la pr\u00e9paration des randonneurs pour la grande itin\u00e9rance. Elle offre des ressources et des conseils pour aider les passionn\u00e9s \u00e0 organiser leurs aventures sur des sentiers tels que le GR10 ou le GR107. <a href=\"https:\/\/gr10.org\/index.php\/association-les-amis-grdistes\/\" target=\"_blank\" rel=\"noopener\">https:\/\/gr10.org\/index.php\/association-les-amis-grdistes\/<\/a><\/p>\t\t\t\t\t\t\t\t<\/div>\n\t\t\t\t<\/div>\n\t\t\t\t\t<\/div>\n\t\t<\/div>\n\t\t\t\t\t<\/div>\n\t\t<\/section>\n\t\t\t\t<section class=\"elementor-section elementor-inner-section elementor-element elementor-element-efc1f53 elementor-section-full_width elementor-section-content-middle elementor-section-height-default elementor-section-height-default\" data-id=\"efc1f53\" data-element_type=\"section\" data-e-type=\"section\">\n\t\t\t\t\t\t<div class=\"elementor-container elementor-column-gap-default\">\n\t\t\t\t\t<div class=\"elementor-column elementor-col-100 elementor-inner-column elementor-element elementor-element-a3f5b8e\" data-id=\"a3f5b8e\" data-element_type=\"column\" data-e-type=\"column\">\n\t\t\t<div class=\"elementor-widget-wrap elementor-element-populated\">\n\t\t\t\t\t\t<div class=\"elementor-element elementor-element-60d0105 elementor-widget elementor-widget-heading\" data-id=\"60d0105\" data-element_type=\"widget\" data-e-type=\"widget\" id=\"Liens\" data-widget_type=\"heading.default\">\n\t\t\t\t<div class=\"elementor-widget-container\">\n\t\t\t\t\t<h3 class=\"elementor-heading-title elementor-size-default\">Autres liens utiles<\/h3>\t\t\t\t<\/div>\n\t\t\t\t<\/div>\n\t\t\t\t\t<\/div>\n\t\t<\/div>\n\t\t\t\t\t<\/div>\n\t\t<\/section>\n\t\t\t\t<section class=\"elementor-section elementor-inner-section elementor-element elementor-element-459897e elementor-section-full_width elementor-section-content-middle elementor-section-height-default elementor-section-height-default\" data-id=\"459897e\" data-element_type=\"section\" data-e-type=\"section\">\n\t\t\t\t\t\t<div class=\"elementor-container elementor-column-gap-default\">\n\t\t\t\t\t<div class=\"elementor-column elementor-col-50 elementor-inner-column elementor-element elementor-element-650d49e elementor-hidden-mobile\" data-id=\"650d49e\" data-element_type=\"column\" data-e-type=\"column\">\n\t\t\t<div class=\"elementor-widget-wrap\">\n\t\t\t\t\t\t\t<\/div>\n\t\t<\/div>\n\t\t\t\t<div class=\"elementor-column elementor-col-50 elementor-inner-column elementor-element elementor-element-0bc7fa5\" data-id=\"0bc7fa5\" data-element_type=\"column\" data-e-type=\"column\">\n\t\t\t<div class=\"elementor-widget-wrap elementor-element-populated\">\n\t\t\t\t\t\t<div class=\"elementor-element elementor-element-db05356 elementor-widget elementor-widget-text-editor\" data-id=\"db05356\" data-element_type=\"widget\" data-e-type=\"widget\" data-widget_type=\"text-editor.default\">\n\t\t\t\t<div class=\"elementor-widget-container\">\n\t\t\t\t\t\t\t\t\t<ul><li><a href=\"https:\/\/www.ariegepyrenees.com\/preparer\/randonner\/itinerance-plusieurs-jours\/chemin-des-bonshommes\/\">www.chemindesbonshommes.com<\/a><\/li><li><a href=\"https:\/\/chemindesbonshommes.fr\/\" target=\"_blank\" rel=\"noopener\">https:\/\/chemindesbonshommes.fr\/<\/a><\/li><li><a href=\"https:\/\/www.mongr.fr\/trouver-prochaine-randonnee\/itineraire\/gr-107-randonnee-sur-le-chemin-des-bonshommes\" target=\"_blank\" rel=\"noopener\">https:\/\/www.mongr.fr\/trouver-prochaine-randonnee\/itineraire\/gr-107-randonnee-sur-le-chemin-des-bonshommes<\/a><\/li><li><a href=\"https:\/\/www.ffrandonnee.fr\/randonner\/sentiers\/gr-107-le-chemin-des-bonshommes\" target=\"_blank\" rel=\"noopener\">https:\/\/www.ffrandonnee.fr\/randonner\/sentiers\/gr-107-le-chemin-des-bonshommes<\/a><\/li><li><a href=\"https:\/\/cdrp09.com\/nos-gr\/gr-107-le-chemin-des-bonshommes\/\" target=\"_blank\" rel=\"noopener\">https:\/\/cdrp09.com\/nos-gr\/gr-107-le-chemin-des-bonshommes\/<\/a><\/li><li><a href=\"http:\/\/dev.gr.ffr.integration.imagence.com\/trouver-prochaine-randonnee\/parcours\/le-chemin-des-bonshommes-de-foix-a-berga\" target=\"_blank\" rel=\"noopener\">http:\/\/dev.gr.ffr.integration.imagence.com\/trouver-prochaine-randonnee\/parcours\/le-chemin-des-bonshommes-de-foix-a-berga<\/a><\/li><li><a href=\"https:\/\/www.gr-infos.com\/gr107.htm\" target=\"_blank\" rel=\"noopener\">https:\/\/www.gr-infos.com\/gr107.htm<\/a><\/li><\/ul>\t\t\t\t\t\t\t\t<\/div>\n\t\t\t\t<\/div>\n\t\t\t\t\t<\/div>\n\t\t<\/div>\n\t\t\t\t\t<\/div>\n\t\t<\/section>\n\t\t\t\t\t<\/div>\n\t\t<\/div>\n\t\t\t\t\t<\/div>\n\t\t<\/section>\n\t\t\t\t<\/div>\n\t\t","protected":false},"excerpt":{"rendered":"<p>La FFRandonn\u00e9e en Ari\u00e8ge Une f\u00e9d\u00e9ration au service des sentiers pyr\u00e9n\u00e9ens et du GR107 La FFRandonn\u00e9e Ari\u00e8ge est fi\u00e8re de repr\u00e9senter la F\u00e9d\u00e9ration Fran\u00e7aise de Randonn\u00e9e dans un d\u00e9partement o\u00f9 la nature et la randonn\u00e9e sont reines. \u00c0 travers son action, elle valorise et prot\u00e8ge les sentiers locaux, notamment le GR107, connu comme le Chemin [&hellip;]<\/p>\n","protected":false},"author":1,"featured_media":5776,"parent":0,"menu_order":0,"comment_status":"closed","ping_status":"closed","template":"","meta":{"footnotes":""},"categories":[],"tags":[],"class_list":["post-6587","page","type-page","status-publish","has-post-thumbnail","hentry"],"yoast_head":"<!-- This site is optimized with the Yoast SEO plugin v27.5 - https:\/\/yoast.com\/product\/yoast-seo-wordpress\/ -->\n<title>La FFRandonn\u00e9e en Ari\u00e8ge - GR107 - Le chemin des bonshommes<\/title>\n<meta name=\"description\" content=\"D\u00e9couvrez la FFRandonn\u00e9e Ari\u00e8ge et ses partenaires, engag\u00e9s dans la promotion et la pr\u00e9servation du GR107, Chemin des Bonshommes.\" \/>\n<meta name=\"robots\" content=\"index, follow, max-snippet:-1, max-image-preview:large, max-video-preview:-1\" \/>\n<link rel=\"canonical\" href=\"https:\/\/gr107.org\/index.php\/la-ffrandonnee-en-ariege\/\" \/>\n<meta property=\"og:locale\" content=\"fr_FR\" \/>\n<meta property=\"og:type\" content=\"article\" \/>\n<meta property=\"og:title\" content=\"La FFRandonn\u00e9e en Ari\u00e8ge - GR107 - Le chemin des bonshommes\" \/>\n<meta property=\"og:description\" content=\"D\u00e9couvrez la FFRandonn\u00e9e Ari\u00e8ge et ses partenaires, engag\u00e9s dans la promotion et la pr\u00e9servation du GR107, Chemin des Bonshommes.\" \/>\n<meta property=\"og:url\" content=\"https:\/\/gr107.org\/index.php\/la-ffrandonnee-en-ariege\/\" \/>\n<meta property=\"og:site_name\" content=\"GR107 - Le chemin des bonshommes\" \/>\n<meta property=\"article:modified_time\" content=\"2025-02-11T19:32:41+00:00\" \/>\n<meta property=\"og:image\" content=\"https:\/\/gr107.org\/wp-content\/uploads\/2024\/11\/cropped-new-logo-cdrp-e1588322754601.webp\" \/>\n\t<meta property=\"og:image:width\" content=\"700\" \/>\n\t<meta property=\"og:image:height\" content=\"304\" \/>\n\t<meta property=\"og:image:type\" content=\"image\/webp\" \/>\n<meta name=\"twitter:card\" content=\"summary_large_image\" \/>\n<meta name=\"twitter:label1\" content=\"Dur\u00e9e de lecture estim\u00e9e\" \/>\n\t<meta name=\"twitter:data1\" content=\"4 minutes\" \/>\n<script type=\"application\/ld+json\" class=\"yoast-schema-graph\">{\"@context\":\"https:\\\/\\\/schema.org\",\"@graph\":[{\"@type\":\"WebPage\",\"@id\":\"https:\\\/\\\/gr107.org\\\/index.php\\\/la-ffrandonnee-en-ariege\\\/\",\"url\":\"https:\\\/\\\/gr107.org\\\/index.php\\\/la-ffrandonnee-en-ariege\\\/\",\"name\":\"La FFRandonn\u00e9e en Ari\u00e8ge - GR107 - Le chemin des bonshommes\",\"isPartOf\":{\"@id\":\"https:\\\/\\\/gr107.org\\\/#website\"},\"primaryImageOfPage\":{\"@id\":\"https:\\\/\\\/gr107.org\\\/index.php\\\/la-ffrandonnee-en-ariege\\\/#primaryimage\"},\"image\":{\"@id\":\"https:\\\/\\\/gr107.org\\\/index.php\\\/la-ffrandonnee-en-ariege\\\/#primaryimage\"},\"thumbnailUrl\":\"https:\\\/\\\/gr107.org\\\/wp-content\\\/uploads\\\/2024\\\/11\\\/cropped-new-logo-cdrp-e1588322754601.webp\",\"datePublished\":\"2024-11-20T20:36:29+00:00\",\"dateModified\":\"2025-02-11T19:32:41+00:00\",\"description\":\"D\u00e9couvrez la FFRandonn\u00e9e Ari\u00e8ge et ses partenaires, engag\u00e9s dans la promotion et la pr\u00e9servation du GR107, Chemin des Bonshommes.\",\"breadcrumb\":{\"@id\":\"https:\\\/\\\/gr107.org\\\/index.php\\\/la-ffrandonnee-en-ariege\\\/#breadcrumb\"},\"inLanguage\":\"fr-FR\",\"potentialAction\":[{\"@type\":\"ReadAction\",\"target\":[\"https:\\\/\\\/gr107.org\\\/index.php\\\/la-ffrandonnee-en-ariege\\\/\"]}]},{\"@type\":\"ImageObject\",\"inLanguage\":\"fr-FR\",\"@id\":\"https:\\\/\\\/gr107.org\\\/index.php\\\/la-ffrandonnee-en-ariege\\\/#primaryimage\",\"url\":\"https:\\\/\\\/gr107.org\\\/wp-content\\\/uploads\\\/2024\\\/11\\\/cropped-new-logo-cdrp-e1588322754601.webp\",\"contentUrl\":\"https:\\\/\\\/gr107.org\\\/wp-content\\\/uploads\\\/2024\\\/11\\\/cropped-new-logo-cdrp-e1588322754601.webp\",\"width\":700,\"height\":304,\"caption\":\"logo FFRandonn\u00e9e d'Ari\u00e8ge\"},{\"@type\":\"BreadcrumbList\",\"@id\":\"https:\\\/\\\/gr107.org\\\/index.php\\\/la-ffrandonnee-en-ariege\\\/#breadcrumb\",\"itemListElement\":[{\"@type\":\"ListItem\",\"position\":1,\"name\":\"Accueil\",\"item\":\"https:\\\/\\\/gr107.org\\\/\"},{\"@type\":\"ListItem\",\"position\":2,\"name\":\"La FFRandonn\u00e9e en Ari\u00e8ge\"}]},{\"@type\":\"WebSite\",\"@id\":\"https:\\\/\\\/gr107.org\\\/#website\",\"url\":\"https:\\\/\\\/gr107.org\\\/\",\"name\":\"GR107 - Le chemin des bonshommes\",\"description\":\"\",\"potentialAction\":[{\"@type\":\"SearchAction\",\"target\":{\"@type\":\"EntryPoint\",\"urlTemplate\":\"https:\\\/\\\/gr107.org\\\/?s={search_term_string}\"},\"query-input\":{\"@type\":\"PropertyValueSpecification\",\"valueRequired\":true,\"valueName\":\"search_term_string\"}}],\"inLanguage\":\"fr-FR\"}]}<\/script>\n<!-- \/ Yoast SEO plugin. -->","yoast_head_json":{"title":"La FFRandonn\u00e9e en Ari\u00e8ge - GR107 - Le chemin des bonshommes","description":"D\u00e9couvrez la FFRandonn\u00e9e Ari\u00e8ge et ses partenaires, engag\u00e9s dans la promotion et la pr\u00e9servation du GR107, Chemin des Bonshommes.","robots":{"index":"index","follow":"follow","max-snippet":"max-snippet:-1","max-image-preview":"max-image-preview:large","max-video-preview":"max-video-preview:-1"},"canonical":"https:\/\/gr107.org\/index.php\/la-ffrandonnee-en-ariege\/","og_locale":"fr_FR","og_type":"article","og_title":"La FFRandonn\u00e9e en Ari\u00e8ge - GR107 - Le chemin des bonshommes","og_description":"D\u00e9couvrez la FFRandonn\u00e9e Ari\u00e8ge et ses partenaires, engag\u00e9s dans la promotion et la pr\u00e9servation du GR107, Chemin des Bonshommes.","og_url":"https:\/\/gr107.org\/index.php\/la-ffrandonnee-en-ariege\/","og_site_name":"GR107 - Le chemin des bonshommes","article_modified_time":"2025-02-11T19:32:41+00:00","og_image":[{"width":700,"height":304,"url":"https:\/\/gr107.org\/wp-content\/uploads\/2024\/11\/cropped-new-logo-cdrp-e1588322754601.webp","type":"image\/webp"}],"twitter_card":"summary_large_image","twitter_misc":{"Dur\u00e9e de lecture estim\u00e9e":"4 minutes"},"schema":{"@context":"https:\/\/schema.org","@graph":[{"@type":"WebPage","@id":"https:\/\/gr107.org\/index.php\/la-ffrandonnee-en-ariege\/","url":"https:\/\/gr107.org\/index.php\/la-ffrandonnee-en-ariege\/","name":"La FFRandonn\u00e9e en Ari\u00e8ge - GR107 - Le chemin des bonshommes","isPartOf":{"@id":"https:\/\/gr107.org\/#website"},"primaryImageOfPage":{"@id":"https:\/\/gr107.org\/index.php\/la-ffrandonnee-en-ariege\/#primaryimage"},"image":{"@id":"https:\/\/gr107.org\/index.php\/la-ffrandonnee-en-ariege\/#primaryimage"},"thumbnailUrl":"https:\/\/gr107.org\/wp-content\/uploads\/2024\/11\/cropped-new-logo-cdrp-e1588322754601.webp","datePublished":"2024-11-20T20:36:29+00:00","dateModified":"2025-02-11T19:32:41+00:00","description":"D\u00e9couvrez la FFRandonn\u00e9e Ari\u00e8ge et ses partenaires, engag\u00e9s dans la promotion et la pr\u00e9servation du GR107, Chemin des Bonshommes.","breadcrumb":{"@id":"https:\/\/gr107.org\/index.php\/la-ffrandonnee-en-ariege\/#breadcrumb"},"inLanguage":"fr-FR","potentialAction":[{"@type":"ReadAction","target":["https:\/\/gr107.org\/index.php\/la-ffrandonnee-en-ariege\/"]}]},{"@type":"ImageObject","inLanguage":"fr-FR","@id":"https:\/\/gr107.org\/index.php\/la-ffrandonnee-en-ariege\/#primaryimage","url":"https:\/\/gr107.org\/wp-content\/uploads\/2024\/11\/cropped-new-logo-cdrp-e1588322754601.webp","contentUrl":"https:\/\/gr107.org\/wp-content\/uploads\/2024\/11\/cropped-new-logo-cdrp-e1588322754601.webp","width":700,"height":304,"caption":"logo FFRandonn\u00e9e d'Ari\u00e8ge"},{"@type":"BreadcrumbList","@id":"https:\/\/gr107.org\/index.php\/la-ffrandonnee-en-ariege\/#breadcrumb","itemListElement":[{"@type":"ListItem","position":1,"name":"Accueil","item":"https:\/\/gr107.org\/"},{"@type":"ListItem","position":2,"name":"La FFRandonn\u00e9e en Ari\u00e8ge"}]},{"@type":"WebSite","@id":"https:\/\/gr107.org\/#website","url":"https:\/\/gr107.org\/","name":"GR107 - Le chemin des bonshommes","description":"","potentialAction":[{"@type":"SearchAction","target":{"@type":"EntryPoint","urlTemplate":"https:\/\/gr107.org\/?s={search_term_string}"},"query-input":{"@type":"PropertyValueSpecification","valueRequired":true,"valueName":"search_term_string"}}],"inLanguage":"fr-FR"}]}},"_links":{"self":[{"href":"https:\/\/gr107.org\/index.php\/wp-json\/wp\/v2\/pages\/6587","targetHints":{"allow":["GET"]}}],"collection":[{"href":"https:\/\/gr107.org\/index.php\/wp-json\/wp\/v2\/pages"}],"about":[{"href":"https:\/\/gr107.org\/index.php\/wp-json\/wp\/v2\/types\/page"}],"author":[{"embeddable":true,"href":"https:\/\/gr107.org\/index.php\/wp-json\/wp\/v2\/users\/1"}],"replies":[{"embeddable":true,"href":"https:\/\/gr107.org\/index.php\/wp-json\/wp\/v2\/comments?post=6587"}],"version-history":[{"count":18,"href":"https:\/\/gr107.org\/index.php\/wp-json\/wp\/v2\/pages\/6587\/revisions"}],"predecessor-version":[{"id":8497,"href":"https:\/\/gr107.org\/index.php\/wp-json\/wp\/v2\/pages\/6587\/revisions\/8497"}],"wp:featuredmedia":[{"embeddable":true,"href":"https:\/\/gr107.org\/index.php\/wp-json\/wp\/v2\/media\/5776"}],"wp:attachment":[{"href":"https:\/\/gr107.org\/index.php\/wp-json\/wp\/v2\/media?parent=6587"}],"wp:term":[{"taxonomy":"category","embeddable":true,"href":"https:\/\/gr107.org\/index.php\/wp-json\/wp\/v2\/categories?post=6587"},{"taxonomy":"post_tag","embeddable":true,"href":"https:\/\/gr107.org\/index.php\/wp-json\/wp\/v2\/tags?post=6587"}],"curies":[{"name":"wp","href":"https:\/\/api.w.org\/{rel}","templated":true}]}}